{"id":643,"date":"2021-10-31T16:03:00","date_gmt":"2021-10-31T15:03:00","guid":{"rendered":"https:\/\/www.bellecour.dizajner.fr\/?page_id=643"},"modified":"2022-07-20T08:24:55","modified_gmt":"2022-07-20T06:24:55","slug":"legal-notice","status":"publish","type":"page","link":"https:\/\/www.comitebellecour.fr\/en\/legal-notice\/","title":{"rendered":"Legal Notice"},"content":{"rendered":"<h2>1 &#8211; \u00c9dition du site<\/h2>\n<p>En vertu de\u00a0<a href=\"https:\/\/www.legifrance.gouv.fr\/affichTexte.do?cidTexte=JORFTEXT000000801164#LEGIARTI000042038977\" target=\"_blank\" rel=\"noreferrer noopener\">l&#8217;article 6 de la loi n\u00b0 2004-575 du 21 juin 2004<\/a>\u00a0pour la confiance dans l&#8217;\u00e9conomie num\u00e9rique, il est pr\u00e9cis\u00e9 aux utilisateurs du site internet\u00a0<strong><span class=\"ff_dynamic_value\" data-ref=\"url\" data-fallback=\"\">https:\/\/www.comitebellecour.fr\/<\/span><\/strong>\u00a0l&#8217;identit\u00e9 des diff\u00e9rents intervenants dans le cadre de sa r\u00e9alisation et de son suivi:<\/p>\n<p><strong>Propri\u00e9taire du site :\u00a0<\/strong><span class=\"ff_dynamic_value\" data-ref=\"nom_proprietaire\" data-fallback=\"\">Comit\u00e9 Bellecour &#8211; Association d\u00e9clar\u00e9e<\/span>\u00a0&#8211; Contact :\u00a0<span class=\"ff_dynamic_value\" data-ref=\"e_mail_contact\" data-fallback=\"\">contact@comitebellecour.fr<\/span>\u00a0&#8211; Adresse :\u00a0<span class=\"ff_dynamic_value\" data-ref=\"adresse_postale\" data-fallback=\"\">9 Rue G\u00e9n\u00e9ral Plessier, 69002 Lyon<\/span>.<\/p>\n<p><strong>Identification de l&#8217;entreprise :<\/strong>\u00a0<span class=\"ff_dynamic_value\" data-ref=\"forme_juridique\" data-fallback=\"\">Association d\u00e9clar\u00e9e<\/span>\u00a0<span class=\"ff_dynamic_value\" data-ref=\"nom_proprietaire\" data-fallback=\"\">Comit\u00e9 Bellecour &#8211; Association d\u00e9clar\u00e9e<\/span>\u00a0au capital social de\u00a0\u20ac &#8211; SIREN :\u00a0<span class=\"ff_dynamic_value\" data-ref=\"siren\" data-fallback=\"\">753 130 947<\/span>\u00a0&#8211; RCS ou RM :\u00a0&#8211; Adresse postale :\u00a0<span class=\"ff_dynamic_value\" data-ref=\"adresse_postale\" data-fallback=\"\">9 Rue G\u00e9n\u00e9ral Plessier, 69002 Lyon.<\/span><\/p>\n<p><strong>Directeur de la publication :\u00a0<\/strong>Marie-Claude DELAVEAU\u00a0&#8211; Contact :\u00a0contact@comitebellecour.fr.<\/p>\n<p><strong>H\u00e9bergeur :<\/strong>\u00a0OVH SAS &#8211; 2 rue Kellermann &#8211; BP 80157 &#8211; 59053 Roubaix Cedex 1 &#8211; T\u00e9l\u00e9phone : 1007<\/p>\n<p><strong>D\u00e9l\u00e9gu\u00e9 \u00e0 la protection des donn\u00e9es :\u00a0<\/strong>Marie-Claude DELAVEAU\u00a0&#8211;\u00a0contact@comitebellecour.fr<\/p>\n<p><strong>Autres contributeurs :<br \/>\n<\/strong>Cr\u00e9dits photos : Comit\u00e9 Bellecour<br \/>\nConception UX\/UI et d\u00e9veloppement web: Dizajner &#8211; <a href=\"https:\/\/www.dizajner.fr\/\" target=\"_blank\" rel=\"noopener\">https:\/\/www.dizajner.fr\/<\/a><\/p>\n<h2>2 &#8211; Propri\u00e9t\u00e9 intellectuelle et contrefa\u00e7ons.<\/h2>\n<p><strong>Comit\u00e9 Bellecour &#8211; Association d\u00e9clar\u00e9e<\/strong>\u00a0est propri\u00e9taire des droits de propri\u00e9t\u00e9 intellectuelle et d\u00e9tient les droits d\u2019usage sur tous les \u00e9l\u00e9ments accessibles sur le site internet, notamment les textes, images, graphismes, logos, vid\u00e9os, architecture, ic\u00f4nes et sons.<\/p>\n<p>Toute reproduction, repr\u00e9sentation, modification, publication, adaptation de tout ou partie des \u00e9l\u00e9ments du site, quel que soit le moyen ou le proc\u00e9d\u00e9 utilis\u00e9, est interdite, sauf autorisation \u00e9crite pr\u00e9alable de\u00a0<strong>Comit\u00e9 Bellecour &#8211; Association d\u00e9clar\u00e9e<\/strong>.<\/p>\n<p>Toute exploitation non autoris\u00e9e du site ou de l\u2019un quelconque des \u00e9l\u00e9ments qu\u2019il contient sera consid\u00e9r\u00e9e comme constitutive d\u2019une contrefa\u00e7on et poursuivie conform\u00e9ment aux dispositions des articles\u00a0<a href=\"https:\/\/www.legifrance.gouv.fr\/affichCodeArticle.do?idArticle=LEGIARTI000032655082&amp;cidTexte=LEGITEXT000006069414&amp;dateTexte=20160605\" target=\"_blank\" rel=\"noreferrer nofollow noopener\">L.335-2 et suivants du Code de Propri\u00e9t\u00e9 Intellectuelle<\/a>.<\/p>\n<h2>3 &#8211; Limitations de responsabilit\u00e9.<\/h2>\n<p><strong>Comit\u00e9 Bellecour &#8211; Association d\u00e9clar\u00e9e<\/strong>\u00a0ne pourra \u00eatre tenu pour responsable des dommages directs et indirects caus\u00e9s au mat\u00e9riel de l\u2019utilisateur, lors de l\u2019acc\u00e8s au site\u00a0<strong>https:\/\/www.comitebellecour.fr\/<\/strong>.<\/p>\n<p><strong>Comit\u00e9 Bellecour &#8211; Association d\u00e9clar\u00e9e<\/strong>\u00a0d\u00e9cline toute responsabilit\u00e9 quant \u00e0 l\u2019utilisation qui pourrait \u00eatre faite des informations et contenus pr\u00e9sents sur\u00a0<strong>https:\/\/www.comitebellecour.fr\/<\/strong>.<\/p>\n<p><strong>Comit\u00e9 Bellecour &#8211; Association d\u00e9clar\u00e9e<\/strong>\u00a0s\u2019engage \u00e0 s\u00e9curiser au mieux le site\u00a0<strong>https:\/\/www.comitebellecour.fr\/<\/strong>, cependant sa responsabilit\u00e9 ne pourra \u00eatre mise en cause si des donn\u00e9es ind\u00e9sirables sont import\u00e9es et install\u00e9es sur son site \u00e0 son insu.<\/p>\n<p>Des espaces interactifs (espace contact ou commentaires) sont \u00e0 la disposition des utilisateurs.\u00a0<strong>Comit\u00e9 Bellecour &#8211; Association d\u00e9clar\u00e9e<\/strong>\u00a0se r\u00e9serve le droit de supprimer, sans mise en demeure pr\u00e9alable, tout contenu d\u00e9pos\u00e9 dans cet espace qui contreviendrait \u00e0 la l\u00e9gislation applicable en France, en particulier aux dispositions relatives \u00e0 la protection des donn\u00e9es.<\/p>\n<p>Le cas \u00e9ch\u00e9ant,\u00a0<strong>Comit\u00e9 Bellecour &#8211; Association d\u00e9clar\u00e9e<\/strong>\u00a0se r\u00e9serve \u00e9galement la possibilit\u00e9 de mettre en cause la responsabilit\u00e9 civile et\/ou p\u00e9nale de l\u2019utilisateur, notamment en cas de message \u00e0 caract\u00e8re raciste, injurieux, diffamant, ou pornographique, quel que soit le support utilis\u00e9 (texte, photographie \u2026).<\/p>\n<h2>4 &#8211; CNIL et gestion des donn\u00e9es personnelles.<\/h2>\n<p>Conform\u00e9ment aux dispositions de\u00a0<a href=\"https:\/\/www.legifrance.gouv.fr\/affichTexte.do?cidTexte=JORFTEXT000000886460\" target=\"_blank\" rel=\"noreferrer nofollow noopener\">la loi 78-17 du 6 janvier 1978 modifi\u00e9e<\/a>, l\u2019utilisateur du site\u00a0<strong>https:\/\/www.comitebellecour.fr\/<\/strong>\u00a0dispose d\u2019un droit d\u2019acc\u00e8s, de modification et de suppression des informations collect\u00e9es. Pour exercer ce droit, envoyez un message \u00e0 notre D\u00e9l\u00e9gu\u00e9 \u00e0 la Protection des Donn\u00e9es :\u00a0<strong>Marie-Claude DELAVEAU<\/strong>\u00a0&#8211;\u00a0<strong>contact@comitebellecour.fr<\/strong>.<\/p>\n<p>Pour plus d&#8217;informations sur la fa\u00e7on dont nous traitons vos donn\u00e9es (type de donn\u00e9es, finalit\u00e9, destinataire&#8230;), lisez notre\u00a0<a href=\"https:\/\/www.comitebellecour.fr\/en\/privacy-policy\/\"><strong>https:\/\/www.comitebellecour.fr\/politique-de-confidentialite\/<\/strong><\/a>.<\/p>\n<h2>5 &#8211; Liens hypertextes et cookie<\/h2>\n<p>Le site\u00a0<strong>https:\/\/www.comitebellecour.fr\/<\/strong>\u00a0contient des liens hypertextes vers d\u2019autres sites et d\u00e9gage toute responsabilit\u00e9 \u00e0 propos de ces liens externes ou des liens cr\u00e9\u00e9s par d\u2019autres sites vers\u00a0<strong>https:\/\/www.comitebellecour.fr\/<\/strong>.<\/p>\n<p>La navigation sur le site\u00a0<strong>https:\/\/www.comitebellecour.fr\/<\/strong>\u00a0est susceptible de provoquer l\u2019installation de cookie(s) sur l\u2019ordinateur de l\u2019utilisateur.<\/p>\n<p>Un &#8220;cookie&#8221; est un fichier de petite taille qui enregistre des informations relatives \u00e0 la navigation d\u2019un utilisateur sur un site. Les donn\u00e9es ainsi obtenues permettent d&#8217;obtenir des mesures de fr\u00e9quentation, par exemple.<\/p>\n<p>Vous avez la possibilit\u00e9\u00a0<strong>d\u2019accepter ou de refuser les cookies<\/strong>\u00a0en modifiant les param\u00e8tres de votre navigateur. Aucun cookie ne sera d\u00e9pos\u00e9 sans votre consentement.<\/p>\n<p>Les cookies sont enregistr\u00e9s pour une dur\u00e9e maximale de\u00a012\u00a0mois.<\/p>\n<p>Pour plus d&#8217;informations sur la fa\u00e7on dont nous faisons usage des cookies, lisez notre\u00a0<a href=\"https:\/\/www.comitebellecour.fr\/en\/privacy-policy\/\"><strong>https:\/\/www.comitebellecour.fr\/politique-de-confidentialite\/<\/strong><\/a>.<\/p>\n<h2>6 &#8211; Droit applicable et attribution de juridiction.<\/h2>\n<p>Tout litige en relation avec l\u2019utilisation du site\u00a0<strong>https:\/\/www.comitebellecour.fr\/<\/strong>\u00a0est soumis au droit fran\u00e7ais. En dehors des cas o\u00f9 la loi ne le permet pas, il est fait attribution exclusive de juridiction aux tribunaux comp\u00e9tents de\u00a0<strong>Lyon<\/strong>.<\/p>\n","protected":false},"excerpt":{"rendered":"<p>1 &#8211; \u00c9dition du site En vertu de\u00a0l&#8217;article 6 de la loi n\u00b0 2004-575 du 21 juin 2004\u00a0pour la confiance dans l&#8217;\u00e9conomie num\u00e9rique, il est pr\u00e9cis\u00e9 aux utilisateurs du site internet\u00a0https:\/\/www.comitebellecour.fr\/\u00a0l&#8217;identit\u00e9 des diff\u00e9rents intervenants dans le cadre de sa r\u00e9alisation et de son suivi: Propri\u00e9taire du site :\u00a0Comit\u00e9 Bellecour &#8211; Association d\u00e9clar\u00e9e\u00a0&#8211; Contact :\u00a0contact@comitebellecour.fr\u00a0&#8211; Adresse [&#8230;]<\/p>\n<p><a class=\"btn btn-secondary understrap-read-more-link\" href=\"https:\/\/www.comitebellecour.fr\/en\/legal-notice\/\">Read More&#8230;<span class=\"screen-reader-text\"> from Legal Notice<\/span><\/a><\/p>\n","protected":false},"author":2,"featured_media":0,"parent":0,"menu_order":0,"comment_status":"closed","ping_status":"closed","template":"","meta":{"_acf_changed":false,"footnotes":""},"class_list":["post-643","page","type-page","status-publish","hentry"],"acf":[],"yoast_head":"<!-- This site is optimized with the Yoast SEO plugin v27.5 - https:\/\/yoast.com\/product\/yoast-seo-wordpress\/ -->\n<title>Legal Notice - Comit\u00e9 Bellecour<\/title>\n<meta name=\"robots\" content=\"index, follow, max-snippet:-1, max-image-preview:large, max-video-preview:-1\" \/>\n<link rel=\"canonical\" href=\"https:\/\/www.comitebellecour.fr\/en\/legal-notice\/\" \/>\n<meta property=\"og:locale\" content=\"en_US\" \/>\n<meta property=\"og:type\" content=\"article\" \/>\n<meta property=\"og:title\" content=\"Legal Notice - Comit\u00e9 Bellecour\" \/>\n<meta property=\"og:description\" content=\"1 &#8211; \u00c9dition du site En vertu de\u00a0l&#8217;article 6 de la loi n\u00b0 2004-575 du 21 juin 2004\u00a0pour la confiance dans l&#8217;\u00e9conomie num\u00e9rique, il est pr\u00e9cis\u00e9 aux utilisateurs du site internet\u00a0https:\/\/www.comitebellecour.fr\/\u00a0l&#8217;identit\u00e9 des diff\u00e9rents intervenants dans le cadre de sa r\u00e9alisation et de son suivi: Propri\u00e9taire du site :\u00a0Comit\u00e9 Bellecour &#8211; Association d\u00e9clar\u00e9e\u00a0&#8211; Contact :\u00a0contact@comitebellecour.fr\u00a0&#8211; Adresse [...]Read More... from Legal Notice\" \/>\n<meta property=\"og:url\" content=\"https:\/\/www.comitebellecour.fr\/en\/legal-notice\/\" \/>\n<meta property=\"og:site_name\" content=\"Comit\u00e9 Bellecour\" \/>\n<meta property=\"article:modified_time\" content=\"2022-07-20T06:24:55+00:00\" \/>\n<meta name=\"twitter:card\" content=\"summary_large_image\" \/>\n<meta name=\"twitter:label1\" content=\"Est. reading time\" \/>\n\t<meta name=\"twitter:data1\" content=\"4 minutes\" \/>\n<script type=\"application\/ld+json\" class=\"yoast-schema-graph\">{\"@context\":\"https:\\\/\\\/schema.org\",\"@graph\":[{\"@type\":\"WebPage\",\"@id\":\"https:\\\/\\\/www.comitebellecour.fr\\\/en\\\/legal-notice\\\/\",\"url\":\"https:\\\/\\\/www.comitebellecour.fr\\\/en\\\/legal-notice\\\/\",\"name\":\"Legal Notice - Comit\u00e9 Bellecour\",\"isPartOf\":{\"@id\":\"https:\\\/\\\/www.comitebellecour.fr\\\/en\\\/#website\"},\"datePublished\":\"2021-10-31T15:03:00+00:00\",\"dateModified\":\"2022-07-20T06:24:55+00:00\",\"breadcrumb\":{\"@id\":\"https:\\\/\\\/www.comitebellecour.fr\\\/en\\\/legal-notice\\\/#breadcrumb\"},\"inLanguage\":\"en-US\",\"potentialAction\":[{\"@type\":\"ReadAction\",\"target\":[\"https:\\\/\\\/www.comitebellecour.fr\\\/en\\\/legal-notice\\\/\"]}]},{\"@type\":\"BreadcrumbList\",\"@id\":\"https:\\\/\\\/www.comitebellecour.fr\\\/en\\\/legal-notice\\\/#breadcrumb\",\"itemListElement\":[{\"@type\":\"ListItem\",\"position\":1,\"name\":\"Accueil\",\"item\":\"https:\\\/\\\/www.comitebellecour.fr\\\/en\\\/homepage\\\/\"},{\"@type\":\"ListItem\",\"position\":2,\"name\":\"Legal Notice\"}]},{\"@type\":\"WebSite\",\"@id\":\"https:\\\/\\\/www.comitebellecour.fr\\\/en\\\/#website\",\"url\":\"https:\\\/\\\/www.comitebellecour.fr\\\/en\\\/\",\"name\":\"Comit\u00e9 Bellecour\",\"description\":\"L&#039;art &amp; la mani\u00e8re\",\"publisher\":{\"@id\":\"https:\\\/\\\/www.comitebellecour.fr\\\/en\\\/#organization\"},\"potentialAction\":[{\"@type\":\"SearchAction\",\"target\":{\"@type\":\"EntryPoint\",\"urlTemplate\":\"https:\\\/\\\/www.comitebellecour.fr\\\/en\\\/?s={search_term_string}\"},\"query-input\":{\"@type\":\"PropertyValueSpecification\",\"valueRequired\":true,\"valueName\":\"search_term_string\"}}],\"inLanguage\":\"en-US\"},{\"@type\":\"Organization\",\"@id\":\"https:\\\/\\\/www.comitebellecour.fr\\\/en\\\/#organization\",\"name\":\"Comit\u00e9 Bellecour\",\"url\":\"https:\\\/\\\/www.comitebellecour.fr\\\/en\\\/\",\"logo\":{\"@type\":\"ImageObject\",\"inLanguage\":\"en-US\",\"@id\":\"https:\\\/\\\/www.comitebellecour.fr\\\/en\\\/#\\\/schema\\\/logo\\\/image\\\/\",\"url\":\"https:\\\/\\\/www.comitebellecour.fr\\\/wp-content\\\/uploads\\\/2022\\\/01\\\/Logo-Comite-Bellecour-secondary.png\",\"contentUrl\":\"https:\\\/\\\/www.comitebellecour.fr\\\/wp-content\\\/uploads\\\/2022\\\/01\\\/Logo-Comite-Bellecour-secondary.png\",\"width\":2345,\"height\":2667,\"caption\":\"Comit\u00e9 Bellecour\"},\"image\":{\"@id\":\"https:\\\/\\\/www.comitebellecour.fr\\\/en\\\/#\\\/schema\\\/logo\\\/image\\\/\"}}]}<\/script>\n<!-- \/ Yoast SEO plugin. -->","yoast_head_json":{"title":"Legal Notice - Comit\u00e9 Bellecour","robots":{"index":"index","follow":"follow","max-snippet":"max-snippet:-1","max-image-preview":"max-image-preview:large","max-video-preview":"max-video-preview:-1"},"canonical":"https:\/\/www.comitebellecour.fr\/en\/legal-notice\/","og_locale":"en_US","og_type":"article","og_title":"Legal Notice - Comit\u00e9 Bellecour","og_description":"1 &#8211; \u00c9dition du site En vertu de\u00a0l&#8217;article 6 de la loi n\u00b0 2004-575 du 21 juin 2004\u00a0pour la confiance dans l&#8217;\u00e9conomie num\u00e9rique, il est pr\u00e9cis\u00e9 aux utilisateurs du site internet\u00a0https:\/\/www.comitebellecour.fr\/\u00a0l&#8217;identit\u00e9 des diff\u00e9rents intervenants dans le cadre de sa r\u00e9alisation et de son suivi: Propri\u00e9taire du site :\u00a0Comit\u00e9 Bellecour &#8211; Association d\u00e9clar\u00e9e\u00a0&#8211; Contact :\u00a0contact@comitebellecour.fr\u00a0&#8211; Adresse [...]Read More... from Legal Notice","og_url":"https:\/\/www.comitebellecour.fr\/en\/legal-notice\/","og_site_name":"Comit\u00e9 Bellecour","article_modified_time":"2022-07-20T06:24:55+00:00","twitter_card":"summary_large_image","twitter_misc":{"Est. reading time":"4 minutes"},"schema":{"@context":"https:\/\/schema.org","@graph":[{"@type":"WebPage","@id":"https:\/\/www.comitebellecour.fr\/en\/legal-notice\/","url":"https:\/\/www.comitebellecour.fr\/en\/legal-notice\/","name":"Legal Notice - Comit\u00e9 Bellecour","isPartOf":{"@id":"https:\/\/www.comitebellecour.fr\/en\/#website"},"datePublished":"2021-10-31T15:03:00+00:00","dateModified":"2022-07-20T06:24:55+00:00","breadcrumb":{"@id":"https:\/\/www.comitebellecour.fr\/en\/legal-notice\/#breadcrumb"},"inLanguage":"en-US","potentialAction":[{"@type":"ReadAction","target":["https:\/\/www.comitebellecour.fr\/en\/legal-notice\/"]}]},{"@type":"BreadcrumbList","@id":"https:\/\/www.comitebellecour.fr\/en\/legal-notice\/#breadcrumb","itemListElement":[{"@type":"ListItem","position":1,"name":"Accueil","item":"https:\/\/www.comitebellecour.fr\/en\/homepage\/"},{"@type":"ListItem","position":2,"name":"Legal Notice"}]},{"@type":"WebSite","@id":"https:\/\/www.comitebellecour.fr\/en\/#website","url":"https:\/\/www.comitebellecour.fr\/en\/","name":"Comit\u00e9 Bellecour","description":"L&#039;art &amp; la mani\u00e8re","publisher":{"@id":"https:\/\/www.comitebellecour.fr\/en\/#organization"},"potentialAction":[{"@type":"SearchAction","target":{"@type":"EntryPoint","urlTemplate":"https:\/\/www.comitebellecour.fr\/en\/?s={search_term_string}"},"query-input":{"@type":"PropertyValueSpecification","valueRequired":true,"valueName":"search_term_string"}}],"inLanguage":"en-US"},{"@type":"Organization","@id":"https:\/\/www.comitebellecour.fr\/en\/#organization","name":"Comit\u00e9 Bellecour","url":"https:\/\/www.comitebellecour.fr\/en\/","logo":{"@type":"ImageObject","inLanguage":"en-US","@id":"https:\/\/www.comitebellecour.fr\/en\/#\/schema\/logo\/image\/","url":"https:\/\/www.comitebellecour.fr\/wp-content\/uploads\/2022\/01\/Logo-Comite-Bellecour-secondary.png","contentUrl":"https:\/\/www.comitebellecour.fr\/wp-content\/uploads\/2022\/01\/Logo-Comite-Bellecour-secondary.png","width":2345,"height":2667,"caption":"Comit\u00e9 Bellecour"},"image":{"@id":"https:\/\/www.comitebellecour.fr\/en\/#\/schema\/logo\/image\/"}}]}},"_links":{"self":[{"href":"https:\/\/www.comitebellecour.fr\/en\/wp-json\/wp\/v2\/pages\/643","targetHints":{"allow":["GET"]}}],"collection":[{"href":"https:\/\/www.comitebellecour.fr\/en\/wp-json\/wp\/v2\/pages"}],"about":[{"href":"https:\/\/www.comitebellecour.fr\/en\/wp-json\/wp\/v2\/types\/page"}],"author":[{"embeddable":true,"href":"https:\/\/www.comitebellecour.fr\/en\/wp-json\/wp\/v2\/users\/2"}],"replies":[{"embeddable":true,"href":"https:\/\/www.comitebellecour.fr\/en\/wp-json\/wp\/v2\/comments?post=643"}],"version-history":[{"count":2,"href":"https:\/\/www.comitebellecour.fr\/en\/wp-json\/wp\/v2\/pages\/643\/revisions"}],"predecessor-version":[{"id":1684,"href":"https:\/\/www.comitebellecour.fr\/en\/wp-json\/wp\/v2\/pages\/643\/revisions\/1684"}],"wp:attachment":[{"href":"https:\/\/www.comitebellecour.fr\/en\/wp-json\/wp\/v2\/media?parent=643"}],"curies":[{"name":"wp","href":"https:\/\/api.w.org\/{rel}","templated":true}]}}